{"id":1120,"date":"2025-02-26T13:00:55","date_gmt":"2025-02-26T13:00:55","guid":{"rendered":"https:\/\/www.skrivsand.se\/?page_id=1120"},"modified":"2025-12-04T13:12:45","modified_gmt":"2025-12-04T13:12:45","slug":"ledelsesudvikling","status":"publish","type":"page","link":"https:\/\/www.skrivsand.se\/da\/ledelsesudvikling\/","title":{"rendered":"Ledelsesudvikling"},"content":{"rendered":"<p>[et_pb_section fb_built=&#8221;1&#8243; _builder_version=&#8221;4.27.4&#8243; _module_preset=&#8221;default&#8221; background_color=&#8221;rgba(28,28,28,0.46)&#8221; background_image=&#8221;https:\/\/www.skrivsand.se\/wp-content\/uploads\/2025\/11\/skrivsand_2025-100-1.jpg&#8221; background_blend=&#8221;multiply&#8221; height=&#8221;996px&#8221; max_height=&#8221;608px&#8221; custom_margin=&#8221;||-6px|||&#8221; custom_padding=&#8221;0px||260px|||&#8221; top_divider_color=&#8221;#676767&#8243; bottom_divider_color=&#8221;RGBA(255,255,255,0)&#8221; global_colors_info=&#8221;{}&#8221;][et_pb_row _builder_version=&#8221;4.27.4&#8243; _module_preset=&#8221;default&#8221; custom_padding=&#8221;16px||0px||false|false&#8221; global_colors_info=&#8221;{}&#8221;][et_pb_column type=&#8221;4_4&#8243; _builder_version=&#8221;4.27.4&#8243; _module_preset=&#8221;default&#8221; global_colors_info=&#8221;{}&#8221;][et_pb_text content_tablet=&#8221;<\/p>\n<h1 style=%22text-align: center;%22>%22Vi kan mere sammen, efter den her proces%22<\/h1>\n<p>&#8221; content_phone=&#8221;<\/p>\n<h1 style=%22text-align: center;%22>%22Vi kan mere sammen, efter den her proces%22<\/h1>\n<p>&#8221; content_last_edited=&#8221;on|phone&#8221; _builder_version=&#8221;4.27.4&#8243; _module_preset=&#8221;default&#8221; text_text_color=&#8221;#FFFFFF&#8221; text_font_size=&#8221;77px&#8221; header_text_align=&#8221;left&#8221; header_text_color=&#8221;#FFFFFF&#8221; header_font_size=&#8221;35px&#8221; header_line_height=&#8221;1.2em&#8221; custom_margin=&#8221;244px||7px|||&#8221; header_font_size_tablet=&#8221;52px&#8221; header_font_size_phone=&#8221;31px&#8221; header_font_size_last_edited=&#8221;on|phone&#8221; global_colors_info=&#8221;{}&#8221;]<\/p>\n<h1 style=\"text-align: center;\">&#8220;Vi kan mere sammen, efter den her proces&#8221;<\/h1>\n<p>[\/et_pb_text][et_pb_text content_tablet=&#8221;<\/p>\n<p>Vi tilrettel\u00e6gger l\u00e6ngerevarende eller kortere processer for at udvikle jeres ledelse. Vi har erfaring med b\u00e5de store og sm\u00e5 ledelsesgrupper. Nogle af de emner der ofte indg\u00e5r i processerne vi arbejder med fremg\u00e5r herunder.<\/p>\n<p>&#8221; content_phone=&#8221;<\/p>\n<p>Vi tilrettel\u00e6gger l\u00e6ngerevarende eller kortere processer for at udvikle jeres ledelse. Vi har erfaring med b\u00e5de store og sm\u00e5 ledelsesgrupper. Nogle af de emner der ofte indg\u00e5r i processerne vi arbejder med fremg\u00e5r herunder.<\/p>\n<p>&#8221; content_last_edited=&#8221;on|phone&#8221; _builder_version=&#8221;4.27.4&#8243; _module_preset=&#8221;default&#8221; text_text_color=&#8221;#FFFFFF&#8221; text_orientation=&#8221;center&#8221; custom_margin=&#8221;||16px|||&#8221; text_font_tablet=&#8221;&#8221; text_font_phone=&#8221;&#8221; text_font_last_edited=&#8221;on|phone&#8221; global_colors_info=&#8221;{}&#8221;]<\/p>\n<p>Vi tilrettel\u00e6gger l\u00e6ngerevarende eller kortere processer for at udvikle jeres ledelse. Vi har erfaring med b\u00e5de store og sm\u00e5 ledelsesgrupper. Nogle af de emner der ofte indg\u00e5r i processerne vi arbejder med,\u00a0fremg\u00e5r herunder og vi tager ogs\u00e5 meget gerne en dialog om andre emner, som I har behov for at arbejde med.<\/p>\n<p>[\/et_pb_text][\/et_pb_column][\/et_pb_row][\/et_pb_section][et_pb_section fb_built=&#8221;1&#8243; _builder_version=&#8221;4.27.4&#8243; _module_preset=&#8221;default&#8221; background_enable_image=&#8221;off&#8221; custom_padding=&#8221;||0px|||&#8221; global_colors_info=&#8221;{}&#8221;][et_pb_row column_structure=&#8221;1_3,1_3,1_3&#8243; _builder_version=&#8221;4.27.4&#8243; _module_preset=&#8221;default&#8221; custom_margin=&#8221;69px|auto|42px||false|false&#8221; custom_padding=&#8221;8px|16px|8px|32px|false|false&#8221; global_colors_info=&#8221;{}&#8221;][et_pb_column type=&#8221;1_3&#8243; _builder_version=&#8221;4.27.4&#8243; _module_preset=&#8221;default&#8221; global_colors_info=&#8221;{}&#8221;][et_pb_text content_tablet=&#8221;<\/p>\n<h1 style=%22text-align: center;%22>Ledelsesrummet<\/h1>\n<p style=%22text-align: center;%22>Ledelsesrummet er om muligt endnu vigtigere at dr\u00f8fte og konkretisere i en tid hvor fris\u00e6ttelse er et tema for alle ledere. Forskning viser at fris\u00e6ttelse ikke er en mirakelkur i sig selv, men at den kan f\u00e5 succes, hvis I har fokus p\u00e5 den l\u00f8bende afstemning af ledelsesrummet.<\/p>\n<p>&#8221; content_phone=&#8221;<\/p>\n<h1 style=%22text-align: center;%22>Ledelsesrummet<\/h1>\n<p style=%22text-align: center;%22>Ledelsesrummet er om muligt endnu vigtigere at dr\u00f8fte og konkretisere i en tid hvor fris\u00e6ttelse er et tema for alle ledere. Forskning viser at fris\u00e6ttelse ikke er en mirakelkur i sig selv, men at den kan f\u00e5 succes, hvis I har fokus p\u00e5 den l\u00f8bende afstemning af ledelsesrummet.<\/p>\n<p>&#8221; content_last_edited=&#8221;on|desktop&#8221; _builder_version=&#8221;4.27.4&#8243; _module_preset=&#8221;default&#8221; header_font_size_tablet=&#8221;&#8221; header_font_size_phone=&#8221;25px&#8221; header_font_size_last_edited=&#8221;on|phone&#8221; global_colors_info=&#8221;{}&#8221;]<\/p>\n<h1 style=\"text-align: center;\">Ledelsesrummet<\/h1>\n<p style=\"text-align: center;\">Ledelsesrummet er om muligt endnu vigtigere at dr\u00f8fte og konkretisere i en tid hvor fris\u00e6ttelse er et tema for alle ledere. Forskning viser at fris\u00e6ttelse ikke er en mirakelkur i sig selv, men at den kan f\u00e5 succes, hvis I har fokus p\u00e5 den l\u00f8bende afstemning af ledelsesrummet.<\/p>\n<p>[\/et_pb_text][\/et_pb_column][et_pb_column type=&#8221;1_3&#8243; _builder_version=&#8221;4.27.4&#8243; _module_preset=&#8221;default&#8221; global_colors_info=&#8221;{}&#8221;][et_pb_text _builder_version=&#8221;4.27.4&#8243; _module_preset=&#8221;default&#8221; header_font_size_tablet=&#8221;&#8221; header_font_size_phone=&#8221;25px&#8221; header_font_size_last_edited=&#8221;on|phone&#8221; global_colors_info=&#8221;{}&#8221;]<\/p>\n<div class=\"et_pb_module et_pb_heading et_pb_heading_1 et_pb_bg_layout_\">\n<div class=\"et_pb_heading_container\">\n<h1 class=\"et_pb_module_heading\" style=\"text-align: center;\">Idealer for ledelse<\/h1>\n<p style=\"text-align: center;\">N\u00e5r du skal gennemf\u00f8re forandringer og lede andre er det vigtigt at du har dig selv med. Det er en hj\u00e6lp for dig at blive afklaret om dine egne v\u00e6rdier og idealer, s\u00e5 du kan bruge det som rettesnor, fx ved sv\u00e6re valg eller beslutninger.<\/p>\n<\/div>\n<\/div>\n<p>[\/et_pb_text][\/et_pb_column][et_pb_column type=&#8221;1_3&#8243; _builder_version=&#8221;4.27.4&#8243; _module_preset=&#8221;default&#8221; global_colors_info=&#8221;{}&#8221;][et_pb_text _builder_version=&#8221;4.27.4&#8243; _module_preset=&#8221;default&#8221; header_font_size_tablet=&#8221;&#8221; header_font_size_phone=&#8221;25px&#8221; header_font_size_last_edited=&#8221;on|phone&#8221; global_colors_info=&#8221;{}&#8221;]<\/p>\n<h1 style=\"text-align: center;\">Nye roller<\/h1>\n<p style=\"text-align: center;\">N\u00e5r tingene forandrer sig eller du gerne vil forandre, kan det v\u00e6re en fordel at unders\u00f8ge roller i jeres organisation. De roller som I har brug for, dem I helst ikke vil havne i og dem der m\u00e5ske ligefrem kan v\u00e6re \u00f8del\u00e6ggende.<\/p>\n<p>[\/et_pb_text][\/et_pb_column][\/et_pb_row][et_pb_row column_structure=&#8221;1_3,1_3,1_3&#8243; _builder_version=&#8221;4.27.4&#8243; _module_preset=&#8221;default&#8221; custom_margin=&#8221;12px|auto|29px|auto|false|false&#8221; custom_padding=&#8221;8px|16px|0px|32px|false|false&#8221; global_colors_info=&#8221;{}&#8221;][et_pb_column type=&#8221;1_3&#8243; _builder_version=&#8221;4.27.4&#8243; _module_preset=&#8221;default&#8221; global_colors_info=&#8221;{}&#8221;][et_pb_text _builder_version=&#8221;4.27.4&#8243; _module_preset=&#8221;default&#8221; header_font_size_tablet=&#8221;&#8221; header_font_size_phone=&#8221;25px&#8221; header_font_size_last_edited=&#8221;on|phone&#8221; global_colors_info=&#8221;{}&#8221;]<\/p>\n<h1 style=\"text-align: center;\">Personlighed<\/h1>\n<p style=\"text-align: center;\">Moderne forskning i personlighed viser, at personlighed er en meget stabil st\u00f8rrelse, der forankres tidligt i voksenlivet. Kendskabet til din egen og andres personlighed kan derfor v\u00e6re en vigtig kilde til at forst\u00e5 dig selv og hinanden. Det er et godt grundlag for at arbejde endnu bedre sammen i ledelsesgruppen.<\/p>\n<p>[\/et_pb_text][\/et_pb_column][et_pb_column type=&#8221;1_3&#8243; _builder_version=&#8221;4.27.4&#8243; _module_preset=&#8221;default&#8221; global_colors_info=&#8221;{}&#8221;][et_pb_text _builder_version=&#8221;4.27.4&#8243; _module_preset=&#8221;default&#8221; header_font_size_tablet=&#8221;&#8221; header_font_size_phone=&#8221;25px&#8221; header_font_size_last_edited=&#8221;on|phone&#8221; global_colors_info=&#8221;{}&#8221;]<\/p>\n<div class=\"et_pb_module et_pb_heading et_pb_heading_1 et_pb_bg_layout_\">\n<div class=\"et_pb_heading_container\">\n<h1 class=\"et_pb_module_heading\" style=\"text-align: center;\">Feedback<\/h1>\n<p style=\"text-align: center;\">I ledelsesgrupper der har travlt, viser det sig ofte, at man glemmer hvad man kan blive bedre til og heri ligger ofte behovet for at blive bedre til at give og modtage struktureret feedback.<\/p>\n<\/div>\n<\/div>\n<p>[\/et_pb_text][\/et_pb_column][et_pb_column type=&#8221;1_3&#8243; _builder_version=&#8221;4.27.4&#8243; _module_preset=&#8221;default&#8221; global_colors_info=&#8221;{}&#8221;][et_pb_text _builder_version=&#8221;4.27.4&#8243; _module_preset=&#8221;default&#8221; header_font_size_tablet=&#8221;&#8221; header_font_size_phone=&#8221;25px&#8221; header_font_size_last_edited=&#8221;on|phone&#8221; global_colors_info=&#8221;{}&#8221;]<\/p>\n<h1 class=\"et_pb_module_heading\" style=\"text-align: center;\">Beslutninger<\/h1>\n<p style=\"text-align: center;\">N\u00e5r man skal opleve fremdrift, sammenh\u00e6ng og retning er det vigtigt at der bliver truffet gode beslutninger. Ofte er det p\u00e5 personalem\u00f8der og derfor er det et godt sted at starte, at analysere hvordan de fungerer og bidrager til at tr\u00e6ffe gode beslutninger.<\/p>\n<p>[\/et_pb_text][\/et_pb_column][\/et_pb_row][et_pb_row column_structure=&#8221;1_3,1_3,1_3&#8243; _builder_version=&#8221;4.27.4&#8243; _module_preset=&#8221;default&#8221; custom_margin=&#8221;11px|auto|42px|auto|false|false&#8221; custom_padding=&#8221;0px|16px|0px|32px|false|false&#8221; global_colors_info=&#8221;{}&#8221;][et_pb_column type=&#8221;1_3&#8243; _builder_version=&#8221;4.27.4&#8243; _module_preset=&#8221;default&#8221; global_colors_info=&#8221;{}&#8221;][\/et_pb_column][et_pb_column type=&#8221;1_3&#8243; _builder_version=&#8221;4.27.4&#8243; _module_preset=&#8221;default&#8221; global_colors_info=&#8221;{}&#8221;][et_pb_text _builder_version=&#8221;4.27.4&#8243; _module_preset=&#8221;default&#8221; header_font_size_tablet=&#8221;&#8221; header_font_size_phone=&#8221;25px&#8221; header_font_size_last_edited=&#8221;on|phone&#8221; global_colors_info=&#8221;{}&#8221;]<\/p>\n<div class=\"et_pb_module et_pb_heading et_pb_heading_1 et_pb_bg_layout_\">\n<div class=\"et_pb_heading_container\">\n<div class=\"et_pb_module et_pb_heading et_pb_heading_6 et_pb_bg_layout_\">\n<div class=\"et_pb_heading_container\">\n<h1 class=\"et_pb_module_heading\" style=\"text-align: center;\">Det vi er f\u00e6lles om<\/h1>\n<\/div>\n<\/div>\n<p style=\"text-align: center;\">Glemmer I af og til hvad der er v\u00e6rdien af at I er samlet i en ledelsesgruppe? Det kan v\u00e6re jeres form\u00e5l som organisation, som ledelsesgruppe eller hvad er v\u00e6rdien for den enkelte ved at v\u00e6re en del af ledelsesgruppen?<\/p>\n<\/div>\n<\/div>\n<p>[\/et_pb_text][\/et_pb_column][et_pb_column type=&#8221;1_3&#8243; _builder_version=&#8221;4.27.4&#8243; _module_preset=&#8221;default&#8221; global_colors_info=&#8221;{}&#8221;][\/et_pb_column][\/et_pb_row][\/et_pb_section][et_pb_section fb_built=&#8221;1&#8243; _builder_version=&#8221;4.27.4&#8243; _module_preset=&#8221;default&#8221; background_enable_image=&#8221;off&#8221; min_height=&#8221;846.8px&#8221; custom_padding=&#8221;||39px|||&#8221; global_colors_info=&#8221;{}&#8221;][et_pb_row column_structure=&#8221;2_5,3_5&#8243; _builder_version=&#8221;4.27.4&#8243; _module_preset=&#8221;default&#8221; min_height=&#8221;482.9px&#8221; custom_margin=&#8221;-35px|auto|-236px|auto||&#8221; custom_padding=&#8221;8px||0px|||&#8221; global_colors_info=&#8221;{}&#8221;][et_pb_column type=&#8221;2_5&#8243; _builder_version=&#8221;4.27.4&#8243; _module_preset=&#8221;default&#8221; global_colors_info=&#8221;{}&#8221;][et_pb_text _builder_version=&#8221;4.27.4&#8243; _module_preset=&#8221;default&#8221; custom_padding=&#8221;28px|||||&#8221; header_font_size_phone=&#8221;32px&#8221; global_colors_info=&#8221;{}&#8221;]<\/p>\n<h4>Ledelse med mening<\/h4>\n<h1>Individuel ledelsesudvikling<\/h1>\n<p>I mange sammenh\u00e6nge bliver Michael benyttet som r\u00e5dgiver, sparringspartner eller coach for chefer. Ofte er det konkrete situationer, hvor tingene er spidset til eller hvor et eksternt blik kan hj\u00e6lpe dig med at tr\u00e6ffe en beslutning. Gennem \u00e5rene er der to steder, hvor vi har observeret generelle behov \u2013 i hver sin ende af en ans\u00e6ttelse.<\/p>\n<p>[\/et_pb_text][\/et_pb_column][et_pb_column type=&#8221;3_5&#8243; _builder_version=&#8221;4.27.4&#8243; _module_preset=&#8221;default&#8221; global_colors_info=&#8221;{}&#8221;][et_pb_image src=&#8221;https:\/\/www.skrivsand.se\/wp-content\/uploads\/2025\/11\/skrivsand_2025-113.jpg&#8221; title_text=&#8221;skrivsand_2025-113&#8243; _builder_version=&#8221;4.27.4&#8243; _module_preset=&#8221;default&#8221; custom_padding=&#8221;||37px|||&#8221; global_colors_info=&#8221;{}&#8221;][\/et_pb_image][\/et_pb_column][\/et_pb_row][et_pb_row column_structure=&#8221;2_5,3_5&#8243; _builder_version=&#8221;4.27.4&#8243; _module_preset=&#8221;default&#8221; global_colors_info=&#8221;{}&#8221;][et_pb_column type=&#8221;2_5&#8243; _builder_version=&#8221;4.27.4&#8243; _module_preset=&#8221;default&#8221; global_colors_info=&#8221;{}&#8221;][et_pb_text _builder_version=&#8221;4.27.4&#8243; _module_preset=&#8221;default&#8221; global_colors_info=&#8221;{}&#8221;]<\/p>\n<p><strong>Den nye leder<\/strong>, som ikke har v\u00e6ret leder f\u00f8r og som kan st\u00f8ttes i den nye rolle. Heri indg\u00e5r en vigtige personlig afklaringsproces, til gavn for organisationen og den nye leder.<\/p>\n<p>[\/et_pb_text][et_pb_button button_text=&#8221;Ny leder&#8221; button_alignment=&#8221;left&#8221; _builder_version=&#8221;4.27.4&#8243; _module_preset=&#8221;default&#8221; hover_enabled=&#8221;0&#8243; global_colors_info=&#8221;{}&#8221; button_url=&#8221;\/da\/ledelsesudvikling\/ny-leder\/&#8221; sticky_enabled=&#8221;0&#8243;][\/et_pb_button][\/et_pb_column][et_pb_column type=&#8221;3_5&#8243; _builder_version=&#8221;4.27.4&#8243; _module_preset=&#8221;default&#8221; global_colors_info=&#8221;{}&#8221;][et_pb_text _builder_version=&#8221;4.27.4&#8243; _module_preset=&#8221;default&#8221; min_height=&#8221;117px&#8221; global_colors_info=&#8221;{}&#8221;]<\/p>\n<p><strong>Den fastbr\u00e6ndte leder<\/strong>, der har v\u00e6ret leder gennem l\u00e6ngere tid og som stadig pr\u00e6sterer godt, men er blevet \u201dhjemmeblind\u201d. Hvilke kompetencer har jeg og hvordan kan jeg s\u00e6tte dem i spil, enten der hvor jeg er \u2013 eller i en anden sammenh\u00e6ng. Vi hj\u00e6lper med at \u00e5bne \u00f8jnene og give energi til forandring.<\/p>\n<p>[\/et_pb_text][et_pb_button button_url=&#8221;\/da\/ledelsesudvikling\/fastbraent\/&#8221; button_text=&#8221;Den fastbr\u00e6ndte leder&#8221; button_alignment=&#8221;left&#8221; _builder_version=&#8221;4.27.4&#8243; _module_preset=&#8221;default&#8221; global_colors_info=&#8221;{}&#8221;][\/et_pb_button][\/et_pb_column][\/et_pb_row][\/et_pb_section][et_pb_section fb_built=&#8221;1&#8243; _builder_version=&#8221;4.27.4&#8243; _module_preset=&#8221;default&#8221; background_color=&#8221;#8A9A5B&#8221; custom_padding=&#8221;108px||39px|||&#8221; global_colors_info=&#8221;{}&#8221;][et_pb_row _builder_version=&#8221;4.27.4&#8243; _module_preset=&#8221;default&#8221; global_colors_info=&#8221;{}&#8221;][et_pb_column type=&#8221;4_4&#8243; _builder_version=&#8221;4.27.4&#8243; _module_preset=&#8221;default&#8221; global_colors_info=&#8221;{}&#8221;][et_pb_testimonial quote_icon_color=&#8221;#FFFFFF&#8221; quote_icon_background_color=&#8221;RGBA(255,255,255,0)&#8221; font_icon=&#8221;&#xf10e;||fa||900&#8243; use_icon_font_size=&#8221;on&#8221; icon_font_size=&#8221;74px&#8221; _builder_version=&#8221;4.27.4&#8243; _module_preset=&#8221;default&#8221; body_text_color=&#8221;#FFFFFF&#8221; body_font_size=&#8221;30px&#8221; author_text_align=&#8221;center&#8221; author_text_color=&#8221;#FFFFFF&#8221; position_text_color=&#8221;#FFFFFF&#8221; company_text_color=&#8221;#FFFFFF&#8221; background_color=&#8221;RGBA(255,255,255,0)&#8221; text_orientation=&#8221;center&#8221; custom_padding=&#8221;81px|||||&#8221; global_colors_info=&#8221;{}&#8221;]<\/p>\n<p style=\"text-align: center;\"><span>Michaels inspirerende og udfordrende facilitering af forl\u00f8bet har skabt virkelig gode takter i ledergruppen.<\/span><\/p>\n<p>[\/et_pb_testimonial][\/et_pb_column][\/et_pb_row][\/et_pb_section]<\/p>\n","protected":false},"excerpt":{"rendered":"<p>&#8220;Vi kan mere sammen, efter den her proces&#8221;Vi tilrettel\u00e6gger l\u00e6ngerevarende eller kortere processer for at udvikle jeres ledelse. Vi har erfaring med b\u00e5de store og sm\u00e5 ledelsesgrupper. Nogle af de emner der ofte indg\u00e5r i processerne vi arbejder med,\u00a0fremg\u00e5r herunder og vi tager ogs\u00e5 meget gerne en dialog om andre emner, som I har behov [&hellip;]<\/p>\n","protected":false},"author":5,"featured_media":0,"parent":0,"menu_order":0,"comment_status":"closed","ping_status":"closed","template":"","meta":{"_et_pb_use_builder":"on","_et_pb_old_content":"","_et_gb_content_width":"","footnotes":""},"class_list":["post-1120","page","type-page","status-publish","hentry"],"_links":{"self":[{"href":"https:\/\/www.skrivsand.se\/da\/wp-json\/wp\/v2\/pages\/1120","targetHints":{"allow":["GET"]}}],"collection":[{"href":"https:\/\/www.skrivsand.se\/da\/wp-json\/wp\/v2\/pages"}],"about":[{"href":"https:\/\/www.skrivsand.se\/da\/wp-json\/wp\/v2\/types\/page"}],"author":[{"embeddable":true,"href":"https:\/\/www.skrivsand.se\/da\/wp-json\/wp\/v2\/users\/5"}],"replies":[{"embeddable":true,"href":"https:\/\/www.skrivsand.se\/da\/wp-json\/wp\/v2\/comments?post=1120"}],"version-history":[{"count":26,"href":"https:\/\/www.skrivsand.se\/da\/wp-json\/wp\/v2\/pages\/1120\/revisions"}],"predecessor-version":[{"id":1913,"href":"https:\/\/www.skrivsand.se\/da\/wp-json\/wp\/v2\/pages\/1120\/revisions\/1913"}],"wp:attachment":[{"href":"https:\/\/www.skrivsand.se\/da\/wp-json\/wp\/v2\/media?parent=1120"}],"curies":[{"name":"wp","href":"https:\/\/api.w.org\/{rel}","templated":true}]}}